{"id":14682,"date":"2025-01-18T18:13:23","date_gmt":"2025-01-18T17:13:23","guid":{"rendered":"https:\/\/www.pechstein.de\/?page_id=14682"},"modified":"2026-08-26T08:33:41","modified_gmt":"2026-08-26T06:33:41","slug":"attuale","status":"publish","type":"page","link":"https:\/\/www.pechstein.de\/it\/aktuelles\/","title":{"rendered":"ATTUALIT\u00c0"},"content":{"rendered":"<div data-elementor-type=\"wp-page\" data-elementor-id=\"14682\" class=\"elementor elementor-14682\" data-elementor-post-type=\"page\">\n\t\t\t\t<div class=\"elementor-element elementor-element-74c2af4 e-con-full e-flex e-con e-parent\" data-id=\"74c2af4\" data-element_type=\"container\" data-e-type=\"container\" data-settings=\"{&quot;background_background&quot;:&quot;classic&quot;}\">\n\t\t<div class=\"elementor-element elementor-element-030f05f e-flex e-con-boxed e-con e-child\" data-id=\"030f05f\" data-element_type=\"container\" data-e-type=\"container\" data-settings=\"{&quot;background_background&quot;:&quot;classic&quot;}\">\n\t\t\t\t\t<div class=\"e-con-inner\">\n\t\t\t\t<div class=\"elementor-element elementor-element-5db1525 elementor-widget elementor-widget-text-editor\" data-id=\"5db1525\" data-element_type=\"widget\" data-e-type=\"widget\" data-widget_type=\"text-editor.default\">\n\t\t\t\t<div class=\"elementor-widget-container\">\n\t\t\t\t\t\t\t\t\t<h2>Pechstein a Palau<br \/><br \/><\/h2><h5>ZwischenRAUM delle Collezioni d'Arte di Zwickau<br \/>dal 25.01.25, Galerie am Domhof<\/h5>\t\t\t\t\t\t\t\t<\/div>\n\t\t\t\t<\/div>\n\t\t\t\t\t<\/div>\n\t\t\t\t<\/div>\n\t\t<div class=\"elementor-element elementor-element-7c75603 e-flex e-con-boxed e-con e-child\" data-id=\"7c75603\" data-element_type=\"container\" data-e-type=\"container\" data-settings=\"{&quot;background_background&quot;:&quot;classic&quot;}\">\n\t\t\t\t\t<div class=\"e-con-inner\">\n\t\t\t\t<div class=\"elementor-element elementor-element-a842d9f elementor-widget elementor-widget-image\" data-id=\"a842d9f\" data-element_type=\"widget\" data-e-type=\"widget\" data-widget_type=\"image.default\">\n\t\t\t\t<div class=\"elementor-widget-container\">\n\t\t\t\t\t\t\t\t\t\t\t\t\t\t\t<img decoding=\"async\" src=\"https:\/\/www.pechstein.de\/wp-content\/uploads\/elementor\/thumbs\/Header_Palau-scaled-r0e8avxuzkrat0yu9cichatyd0dle3j3z72j5ck3g6.jpg\" title=\"Intestazione_Palau\" alt=\"Intestazione_Palau\" loading=\"lazy\" \/>\t\t\t\t\t\t\t\t\t\t\t\t\t\t\t<\/div>\n\t\t\t\t<\/div>\n\t\t\t\t\t<\/div>\n\t\t\t\t<\/div>\n\t\t\t\t<\/div>\n\t\t<div class=\"elementor-element elementor-element-582a9c5 e-flex e-con-boxed e-con e-parent\" data-id=\"582a9c5\" data-element_type=\"container\" data-e-type=\"container\">\n\t\t\t\t\t<div class=\"e-con-inner\">\n\t\t<div class=\"elementor-element elementor-element-9fffa37 e-con-full e-flex e-con e-child\" data-id=\"9fffa37\" data-element_type=\"container\" data-e-type=\"container\">\n\t\t\t\t<\/div>\n\t\t<div class=\"elementor-element elementor-element-df8e841 e-con-full e-flex e-con e-child\" data-id=\"df8e841\" data-element_type=\"container\" data-e-type=\"container\">\n\t\t\t\t<\/div>\n\t\t\t\t\t<\/div>\n\t\t\t\t<\/div>\n\t\t<div class=\"elementor-element elementor-element-bdad6f8 e-flex e-con-boxed e-con e-parent\" data-id=\"bdad6f8\" data-element_type=\"container\" data-e-type=\"container\">\n\t\t\t\t\t<div class=\"e-con-inner\">\n\t\t<div class=\"elementor-element elementor-element-22366dd e-con-full e-flex e-con e-child\" data-id=\"22366dd\" data-element_type=\"container\" data-e-type=\"container\">\n\t\t\t\t<div class=\"elementor-element elementor-element-29a21c6 elementor-widget elementor-widget-image\" data-id=\"29a21c6\" data-element_type=\"widget\" data-e-type=\"widget\" data-widget_type=\"image.default\">\n\t\t\t\t<div class=\"elementor-widget-container\">\n\t\t\t\t\t\t\t\t\t\t\t\t\t\t\t<img decoding=\"async\" width=\"203\" height=\"39\" src=\"https:\/\/www.pechstein.de\/wp-content\/uploads\/2025\/01\/01_Aktuelles.svg\" class=\"attachment-large size-large wp-image-14607\" alt=\"\" \/>\t\t\t\t\t\t\t\t\t\t\t\t\t\t\t<\/div>\n\t\t\t\t<\/div>\n\t\t\t\t<div class=\"elementor-element elementor-element-3e850e3 elementor-widget elementor-widget-text-editor\" data-id=\"3e850e3\" data-element_type=\"widget\" data-e-type=\"widget\" data-widget_type=\"text-editor.default\">\n\t\t\t\t<div class=\"elementor-widget-container\">\n\t\t\t\t\t\t\t\t\t<p><strong>Palazzo Zabarella<\/strong><br \/><br class=\"clear\" \/><strong>Via degli Zabarella 14<br \/>35121 Padova, Italia<\/strong><br \/><br class=\"clear\" \/><\/p><p><strong>Marted\u00ec \u2013 Domenica<br \/>10:00 - 19:00<\/strong><br \/><br class=\"clear\" \/><a class=\"gelblink\" href=\"https:\/\/www.zabarella.it\" target=\"_blank\" rel=\"noopener\">www.zabarella.it \u203a<\/a><br \/><br class=\"clear\" \/><\/p>\t\t\t\t\t\t\t\t<\/div>\n\t\t\t\t<\/div>\n\t\t\t\t<div class=\"elementor-element elementor-element-482ac7a elementor-widget-divider--view-line elementor-widget elementor-widget-divider\" data-id=\"482ac7a\" data-element_type=\"widget\" data-e-type=\"widget\" data-widget_type=\"divider.default\">\n\t\t\t\t<div class=\"elementor-widget-container\">\n\t\t\t\t\t\t\t<div class=\"elementor-divider\">\n\t\t\t<span class=\"elementor-divider-separator\">\n\t\t\t\t\t\t<\/span>\n\t\t<\/div>\n\t\t\t\t\t\t<\/div>\n\t\t\t\t<\/div>\n\t\t\t\t<div class=\"elementor-element elementor-element-1a0fe01 elementor-widget elementor-widget-text-editor\" data-id=\"1a0fe01\" data-element_type=\"widget\" data-e-type=\"widget\" data-widget_type=\"text-editor.default\">\n\t\t\t\t<div class=\"elementor-widget-container\">\n\t\t\t\t\t\t\t\t\t<p><strong>Lentos Kunstmuseum Linz<\/strong><br \/><br class=\"clear\" \/><strong>Ernst-Koref-Promenade 1<br \/>4020 Linz<\/strong><br \/><br class=\"clear\" \/><\/p><p><strong>Marted\u00ec \u2013 Domenica<br \/>10:00\u201318:00<br \/>Gioved\u00ec<br \/>10:00\u201320:00<\/strong><br \/><br class=\"clear\" \/><a class=\"gelblink\" href=\"https:\/\/www.lentos.at\" target=\"_blank\" rel=\"noopener\">www.lentos.at \u203a<\/a><br \/><br class=\"clear\" \/><\/p>\t\t\t\t\t\t\t\t<\/div>\n\t\t\t\t<\/div>\n\t\t\t\t<div class=\"elementor-element elementor-element-1a0fe02 elementor-widget-divider--view-line elementor-widget elementor-widget-divider\" data-id=\"1a0fe02\" data-element_type=\"widget\" data-e-type=\"widget\" data-widget_type=\"divider.default\">\n\t\t\t\t<div class=\"elementor-widget-container\">\n\t\t\t\t\t\t\t<div class=\"elementor-divider\">\n\t\t\t<span class=\"elementor-divider-separator\">\n\t\t\t\t\t\t<\/span>\n\t\t<\/div>\n\t\t\t\t\t\t<\/div>\n\t\t\t\t<\/div>\n\t\t\t\t<div class=\"elementor-element elementor-element-8a418b1 elementor-widget elementor-widget-text-editor\" data-id=\"8a418b1\" data-element_type=\"widget\" data-e-type=\"widget\" data-widget_type=\"text-editor.default\">\n\t\t\t\t<div class=\"elementor-widget-container\">\n\t\t\t\t\t\t\t\t\t<p><strong>Museo Buchheim<\/strong><br \/><br class=\"clear\" \/><strong>Fondazione Buchheim<br \/>Am Hirschgarten 1<br \/>82347 Bernried<\/strong><br \/><br class=\"clear\" \/><\/p><p><strong>Marted\u00ec \u2013 Domenica<br \/>e giorni festivi:<br \/>10:00\u201318:00<\/strong><br \/><br class=\"clear\" \/><a class=\"gelblink\" href=\"https:\/\/www.buchheimmuseum.de\/aktuell\/2025\/pechstein\" target=\"_blank\" rel=\"noopener\">www.buchheimmuseum.de<\/a><br \/><br class=\"clear\" \/><br class=\"clear\" \/><\/p>\t\t\t\t\t\t\t\t<\/div>\n\t\t\t\t<\/div>\n\t\t\t\t<div class=\"elementor-element elementor-element-e3e42df elementor-widget-divider--view-line elementor-widget elementor-widget-divider\" data-id=\"e3e42df\" data-element_type=\"widget\" data-e-type=\"widget\" data-widget_type=\"divider.default\">\n\t\t\t\t<div class=\"elementor-widget-container\">\n\t\t\t\t\t\t\t<div class=\"elementor-divider\">\n\t\t\t<span class=\"elementor-divider-separator\">\n\t\t\t\t\t\t<\/span>\n\t\t<\/div>\n\t\t\t\t\t\t<\/div>\n\t\t\t\t<\/div>\n\t\t\t\t<div class=\"elementor-element elementor-element-a09da62 elementor-widget elementor-widget-text-editor\" data-id=\"a09da62\" data-element_type=\"widget\" data-e-type=\"widget\" data-widget_type=\"text-editor.default\">\n\t\t\t\t<div class=\"elementor-widget-container\">\n\t\t\t\t\t\t\t\t\t<p><strong>Kunsthalle di Rotterdam<\/strong><br \/><br class=\"clear\" \/><strong>Museumpark<\/strong><br \/><strong>Westzeedijk 341<\/strong><br \/><strong>3015 AA Rotterdam<\/strong><br \/><br class=\"clear\" \/><\/p><p><strong>Da marted\u00ec a domenica<\/strong><br \/><strong>10:00 \u2014 17:00<\/strong><br \/><br class=\"clear\" \/><a class=\"gelblink\" href=\"https:\/\/www.kunsthal.nl\/en\/plan-your-visit\/exhibitions\/max-pechstein\/\" target=\"_blank\" rel=\"noopener\">www.kunsthal.nl<\/a><br \/><br class=\"clear\" \/><\/p>\t\t\t\t\t\t\t\t<\/div>\n\t\t\t\t<\/div>\n\t\t\t\t<div class=\"elementor-element elementor-element-f53c16f elementor-widget-divider--view-line elementor-widget elementor-widget-divider\" data-id=\"f53c16f\" data-element_type=\"widget\" data-e-type=\"widget\" data-widget_type=\"divider.default\">\n\t\t\t\t<div class=\"elementor-widget-container\">\n\t\t\t\t\t\t\t<div class=\"elementor-divider\">\n\t\t\t<span class=\"elementor-divider-separator\">\n\t\t\t\t\t\t<\/span>\n\t\t<\/div>\n\t\t\t\t\t\t<\/div>\n\t\t\t\t<\/div>\n\t\t\t\t<div class=\"elementor-element elementor-element-e57e8ef elementor-widget elementor-widget-text-editor\" data-id=\"e57e8ef\" data-element_type=\"widget\" data-e-type=\"widget\" data-widget_type=\"text-editor.default\">\n\t\t\t\t<div class=\"elementor-widget-container\">\n\t\t\t\t\t\t\t\t\t<p><strong>ZwischenRAUM delle Collezioni d'Arte di Zwickau<\/strong><\/p><p>\u00a0<\/p><p><strong>Galerie am Domhof<\/strong><br \/><strong>Domhof 2, 08056 Zwickau<\/strong><\/p><p>\u00a0<\/p><p><strong>Lu. \u2013 Gio. <\/strong><br \/><strong>11:00 \u2013 18:00<\/strong><\/p><p>\u00a0<\/p><p><a class=\"gelblink\" href=\"https:\/\/www.kunstsammlungen-zwickau.de\" target=\"_blank\" rel=\"noopener\">www.kunstsammlungen-zwickau.de \u203a<\/a><\/p>\t\t\t\t\t\t\t\t<\/div>\n\t\t\t\t<\/div>\n\t\t\t\t<\/div>\n\t\t<div class=\"elementor-element elementor-element-7d1dcbd e-con-full e-flex e-con e-child\" data-id=\"7d1dcbd\" data-element_type=\"container\" data-e-type=\"container\">\n\t\t\t\t<div class=\"elementor-element elementor-element-7491c0c elementor-widget elementor-widget-heading\" data-id=\"7491c0c\" data-element_type=\"widget\" data-e-type=\"widget\" data-widget_type=\"heading.default\">\n\t\t\t\t<div class=\"elementor-widget-container\">\n\t\t\t\t\t<h2 class=\"elementor-heading-title elementor-size-default\">Max Pechstein. Espressionismo dell'anima \u2013 Palazzo Zabarella, Padova<\/h2>\t\t\t\t<\/div>\n\t\t\t\t<\/div>\n\t\t\t\t<div class=\"elementor-element elementor-element-fc8b8ce elementor-widget elementor-widget-text-editor\" data-id=\"fc8b8ce\" data-element_type=\"widget\" data-e-type=\"widget\" data-widget_type=\"text-editor.default\">\n\t\t\t\t<div class=\"elementor-widget-container\">\n\t\t\t\t\t\t\t\t\t<p class=\"p3\">Il Palazzo Zabarella di Padova ospita dal 24.10.2026 al 14.03.2027 la mostra \u201eMax Pechstein. Espressionismo dell\u2019anima\u201c. Dopo Rotterdam, Bernried e Linz, lo storico palazzo \u00e8 la tappa successiva della tourn\u00e9e internazionale di Pechstein, nonch\u00e9 la prima in Italia, il Paese che ha segnato Pechstein nel corso di diversi viaggi.<\/p><p class=\"p3\">La grande mostra monografica comprende oltre 120 opere di pi\u00f9 di cinque decenni \u2013 dipinti, disegni, acquerelli, fotografie, schizzi e oggetti personali \u2013 e racconta la vita e il processo creativo dell'artista dagli anni del movimento Die Br\u00fccke fino alle opere tarde.<\/p><p><a class=\"gelblink\" href=\"https:\/\/www.zabarella.it\/mostre\/max-pechstein-espressionismo-anima-padova\" target=\"_blank\" rel=\"noopener\">scopri di pi\u00f9 \u203a<\/a><\/p>\t\t\t\t\t\t\t\t<\/div>\n\t\t\t\t<\/div>\n\t\t\t\t<div class=\"elementor-element elementor-element-a5e8c7c elementor-widget-divider--view-line elementor-widget elementor-widget-divider\" data-id=\"a5e8c7c\" data-element_type=\"widget\" data-e-type=\"widget\" data-widget_type=\"divider.default\">\n\t\t\t\t<div class=\"elementor-widget-container\">\n\t\t\t\t\t\t\t<div class=\"elementor-divider\">\n\t\t\t<span class=\"elementor-divider-separator\">\n\t\t\t\t\t\t<\/span>\n\t\t<\/div>\n\t\t\t\t\t\t<\/div>\n\t\t\t\t<\/div>\n\t\t\t\t<div class=\"elementor-element elementor-element-1b0fe01 elementor-widget elementor-widget-heading\" data-id=\"1b0fe01\" data-element_type=\"widget\" data-e-type=\"widget\" data-widget_type=\"heading.default\">\n\t\t\t\t<div class=\"elementor-widget-container\">\n\t\t\t\t\t<h2 class=\"elementor-heading-title elementor-size-default\">Max Pechstein. Avventura Espressionismo \u2013 Lentos Kunstmuseum Linz<\/h2>\t\t\t\t<\/div>\n\t\t\t\t<\/div>\n\t\t\t\t<div class=\"elementor-element elementor-element-1b0fe02 elementor-widget elementor-widget-text-editor\" data-id=\"1b0fe02\" data-element_type=\"widget\" data-e-type=\"widget\" data-widget_type=\"text-editor.default\">\n\t\t\t\t<div class=\"elementor-widget-container\">\n\t\t\t\t\t\t\t\t\t<p class=\"p3\">Il Lentos Kunstmuseum Linz presenta dal 23.04 al 30.08.2026 la mostra \u201eMax Pechstein. Avventura Espressionismo\u201c. Riconosciuto da numerosi contemporanei come membro di spicco del gruppo di artisti \u00bbBr\u00fccke\u00ab, Max Pechstein ha occupato una posizione centrale all'interno dell'avanguardia tedesca nei primi decenni del XX secolo.<\/p><p class=\"p3\">La retrospettiva riunisce oltre 100 opere \u2013 tra cui numerosi paesaggi del Mar Baltico e dei mari del Sud, esposti per la prima volta in Austria \u2013 e abbraccia le fasi creative pi\u00f9 importanti dell'artista. Un'attenzione particolare \u00e8 rivolta al rapporto di Pechstein con Wolfgang Gurlitt, fondatore della precedente istituzione del Lentos.<\/p><p><a class=\"gelblink\" href=\"https:\/\/www.lentos.at\/ausstellungen\/max-pechstein\" target=\"_blank\" rel=\"noopener\">scopri di pi\u00f9 \u203a<\/a><\/p>\t\t\t\t\t\t\t\t<\/div>\n\t\t\t\t<\/div>\n\t\t\t\t<div class=\"elementor-element elementor-element-1b0fe03 elementor-widget-divider--view-line elementor-widget elementor-widget-divider\" data-id=\"1b0fe03\" data-element_type=\"widget\" data-e-type=\"widget\" data-widget_type=\"divider.default\">\n\t\t\t\t<div class=\"elementor-widget-container\">\n\t\t\t\t\t\t\t<div class=\"elementor-divider\">\n\t\t\t<span class=\"elementor-divider-separator\">\n\t\t\t\t\t\t<\/span>\n\t\t<\/div>\n\t\t\t\t\t\t<\/div>\n\t\t\t\t<\/div>\n\t\t\t\t<div class=\"elementor-element elementor-element-b67096c elementor-widget elementor-widget-heading\" data-id=\"b67096c\" data-element_type=\"widget\" data-e-type=\"widget\" data-widget_type=\"heading.default\">\n\t\t\t\t<div class=\"elementor-widget-container\">\n\t\t\t\t\t<h2 class=\"elementor-heading-title elementor-size-default\">MAX PECHSTEIN \u2013 VISIONE E OPERA\nBUCHHEIM MUSEUM<\/h2>\t\t\t\t<\/div>\n\t\t\t\t<\/div>\n\t\t\t\t<div class=\"elementor-element elementor-element-48f6a46 elementor-widget elementor-widget-text-editor\" data-id=\"48f6a46\" data-element_type=\"widget\" data-e-type=\"widget\" data-widget_type=\"text-editor.default\">\n\t\t\t\t<div class=\"elementor-widget-container\">\n\t\t\t\t\t\t\t\t\t<p class=\"p3\">Il BUCHHEIM MUSEUM presenta dal 19.07 al 26.10.2025 la mostra \u201eMAX PECHSTEIN \u2013 VISION UND WERK\u201c. Max Pechstein ha plasmato l'espressionismo con i suoi dipinti dai colori intensi e le sue potenti stampe, che ancora oggi sono considerate icone del movimento. Una retrospettiva completa, nell'ambito di una tourn\u00e9e mondiale internazionale, \u00e8 ora dedicata alla sua visione artistica. Dopo l'inaugurazione alla Kunsthal di Rotterdam, il Buchheim Museum \u00e8 la seconda tappa della mostra.<\/p><p class=\"p3\">\u00a0<\/p><p class=\"p3\">Il vasto spettro dell'opera di Pechstein si dispiega in diversi generi: al centro vi sono dipinti, disegni, acquerelli e stampe, completati da bozzetti preparatori, lettere e fotografie che offrono affascinanti spunti sul suo processo creativo. L'arco temporale spazia dalle opere giovanili, passando per gli anni formativi nel gruppo di artisti \u00bbBr\u00fccke\u00ab e le opere principali degli anni Dieci e dei primi anni Trenta, fino alla sua tarda produzione.<\/p><p class=\"p3\">\u00a0<\/p><p class=\"p3\">La visione di Pechstein, che persegue l'armonia tra uomo e natura, si riflette nei suoi viaggi verso luoghi del desiderio, dai mari del Sud al Mar Baltico. Le sue opere catturano queste impressioni e costituiscono un polo opposto ai rivolgimenti sociali e alle crisi umanitarie di un'epoca piena di guerre. Di fronte alle attuali sfide ecologiche e politiche, il suo messaggio di armonia e di profondo legame con la natura rimane di grande attualit\u00e0.<\/p><p><a class=\"gelblink\" href=\"https:\/\/www.buchheimmuseum.de\/aktuell\/2025\/pechstein\" target=\"_blank\" rel=\"noopener\">scopri di pi\u00f9 &gt;<\/a><\/p>\t\t\t\t\t\t\t\t<\/div>\n\t\t\t\t<\/div>\n\t\t\t\t<div class=\"elementor-element elementor-element-2f8f30a elementor-widget-divider--view-line elementor-widget elementor-widget-divider\" data-id=\"2f8f30a\" data-element_type=\"widget\" data-e-type=\"widget\" data-widget_type=\"divider.default\">\n\t\t\t\t<div class=\"elementor-widget-container\">\n\t\t\t\t\t\t\t<div class=\"elementor-divider\">\n\t\t\t<span class=\"elementor-divider-separator\">\n\t\t\t\t\t\t<\/span>\n\t\t<\/div>\n\t\t\t\t\t\t<\/div>\n\t\t\t\t<\/div>\n\t\t\t\t<div class=\"elementor-element elementor-element-a29f9b2 elementor-widget elementor-widget-heading\" data-id=\"a29f9b2\" data-element_type=\"widget\" data-e-type=\"widget\" data-widget_type=\"heading.default\">\n\t\t\t\t<div class=\"elementor-widget-container\">\n\t\t\t\t\t<h2 class=\"elementor-heading-title elementor-size-default\">Max Pechstein: Espressione di armonia alla Kunsthal di Rotterdam<\/h2>\t\t\t\t<\/div>\n\t\t\t\t<\/div>\n\t\t\t\t<div class=\"elementor-element elementor-element-58bd487 elementor-widget elementor-widget-text-editor\" data-id=\"58bd487\" data-element_type=\"widget\" data-e-type=\"widget\" data-widget_type=\"text-editor.default\">\n\t\t\t\t<div class=\"elementor-widget-container\">\n\t\t\t\t\t\t\t\t\t<p class=\"p1\">La Kunsthal di Rotterdam presenta dal 28 marzo al 15 giugno 2025 la mostra \u201cMax Pechstein: Espressione di armonia\u201d. Questa vasta retrospettiva presenta oltre 50 dipinti, oltre a stampe, xilografie, disegni, fotografie e oggetti personali dell'espressionista tedesco Max Pechstein (1881\u20131955).<\/p><p class=\"p1\">Come membro del gruppo di artisti \u201cDie Br\u00fccke\u201d, Pechstein ha influenzato in modo determinante lo sviluppo dell'espressionismo con composizioni dinamiche e colorate. Le sue opere, ispirate dai viaggi a Nidden, Leba e nelle isole Palau, riflettono la sua ricerca di una relazione armoniosa tra l'uomo e la natura.<\/p><p class=\"p1\">La mostra offre inoltre approfondimenti sulla vita personale di Pechstein e sul suo sviluppo artistico in un'epoca di radicali cambiamenti in Europa. Questa mostra \u00e8 realizzata in stretta collaborazione con l'Istituto per lo Scambio Culturale di Tubinga e le Collezioni d'Arte di Zwickau.<span class=\"Apple-converted-space\">\u00a0<\/span><\/p><p><a class=\"gelblink\" href=\"https:\/\/www.kunsthal.nl\/en\/plan-your-visit\/exhibitions\/max-pechstein\/\" target=\"_blank\" rel=\"noopener\">scopri di pi\u00f9 \u203a<\/a><\/p>\t\t\t\t\t\t\t\t<\/div>\n\t\t\t\t<\/div>\n\t\t\t\t<div class=\"elementor-element elementor-element-92253bf elementor-widget-divider--view-line elementor-widget elementor-widget-divider\" data-id=\"92253bf\" data-element_type=\"widget\" data-e-type=\"widget\" data-widget_type=\"divider.default\">\n\t\t\t\t<div class=\"elementor-widget-container\">\n\t\t\t\t\t\t\t<div class=\"elementor-divider\">\n\t\t\t<span class=\"elementor-divider-separator\">\n\t\t\t\t\t\t<\/span>\n\t\t<\/div>\n\t\t\t\t\t\t<\/div>\n\t\t\t\t<\/div>\n\t\t\t\t<div class=\"elementor-element elementor-element-519e7d9 elementor-widget elementor-widget-heading\" data-id=\"519e7d9\" data-element_type=\"widget\" data-e-type=\"widget\" data-widget_type=\"heading.default\">\n\t\t\t\t<div class=\"elementor-widget-container\">\n\t\t\t\t\t<h2 class=\"elementor-heading-title elementor-size-default\">Museo Max Pechstein nello ZwischenRAUM<\/h2>\t\t\t\t<\/div>\n\t\t\t\t<\/div>\n\t\t\t\t<div class=\"elementor-element elementor-element-1fd015f elementor-widget elementor-widget-text-editor\" data-id=\"1fd015f\" data-element_type=\"widget\" data-e-type=\"widget\" data-widget_type=\"text-editor.default\">\n\t\t\t\t<div class=\"elementor-widget-container\">\n\t\t\t\t\t\t\t\t\t<p class=\"p1\"><b>Collezioni d'arte di Chemnitz e Zwickau: uno sguardo alle collezioni<\/b><\/p><p class=\"p1\"><b>17 maggio \u2013 14 settembre 2025<\/b><\/p><p>\u00a0<\/p><p class=\"p3\">Due citt\u00e0, una mostra: Chemnitz e Zwickau presentano insieme opere speciali delle loro collezioni d'arte, famose e da riscoprire. Sotto il titolo\u00a0<i>Ponte<\/i>\u00a0si incontrano coppie di oggetti sorprendenti che aprono nuove prospettive e rendono visibili legami nascosti.<\/p><p>\u00a0<\/p><p class=\"p3\">La mostra nel\u00a0<i>Spazio libero<\/i>\u00a0mostra 25 opere di entrambe le sedi \u2013 in formato digitale e originale \u2013 e invita al dialogo: tra opere d'arte, citt\u00e0 e visitatori.<\/p><p>\u00a0<\/p><p class=\"p3\">Un contributo alla Capitale Europea della Cultura Chemnitz 2025 e all'iniziativa\u00a0<i>C l'Invisibile<\/i>.<\/p><p class=\"p3\"><br \/>Durante l'ampia ristrutturazione dei KUNSTSAMMLUNGEN ZWICKAU Max-Pechstein-Museum, da met\u00e0 2024 alla fine del 2028, la collezione sar\u00e0 presentata in un'affascinante sede temporanea presso la Galerie am Domhof, nel centro storico di Zwickau. Questa mostra speciale offre ai visitatori un modo interattivo e attraente per ammirare opere importanti anche durante la chiusura del museo.<\/p><p>\u00a0<\/p><p class=\"p3\">In particolare nell'ambito di \u201eChemnitz Capitale europea della cultura 2025\u201c viene presentato un \u201ebest of\u201c delle collezioni d'arte, incentrato sulle opere create durante il viaggio di Max Pechstein a Palau.<br \/><br class=\"clear\" \/><strong>MAX.RAUM<\/strong><br \/>Un punto di forza della mostra \u00e8 il MAX.RAUM, dedicato al famoso espressionista di Zwickau Max Pechstein. Qui i visitatori possono scoprire la sua vita e la sua opera in modo speciale, con tutti i sensi. Numerose installazioni audio e video offrono approfondimenti sul suo periodo a Palau e creano un'esperienza d'arte viva e interattiva che entusiasma sia gli amanti dell'arte sia i neofiti.<\/p><p><a class=\"gelblink\" href=\"https:\/\/www.kunstsammlungen-zwickau.de\" target=\"_blank\" rel=\"noopener\">scopri di pi\u00f9 \u203a<\/a><\/p>\t\t\t\t\t\t\t\t<\/div>\n\t\t\t\t<\/div>\n\t\t\t\t<\/div>\n\t\t\t\t\t<\/div>\n\t\t\t\t<\/div>\n\t\t<div class=\"elementor-element elementor-element-02f5430 e-flex e-con-boxed e-con e-parent\" data-id=\"02f5430\" data-element_type=\"container\" data-e-type=\"container\">\n\t\t\t\t\t<div class=\"e-con-inner\">\n\t\t\t\t\t<\/div>\n\t\t\t\t<\/div>\n\t\t\t\t<\/div>","protected":false},"excerpt":{"rendered":"<p>Pechstein in Palau ZwischenRAUM der Kunstsammlungen Zwickauab 25.01.25, Galerie am Domhof Palazzo Zabarella Via degli Zabarella 1435121 Padova, Italien Dienstag \u2013 Sonntag10\u201319 Uhr www.zabarella.it \u203a Lentos Kunstmuseum Linz Ernst-Koref-Promenade 14020 Linz Dienstag \u2013 Sonntag10\u201318 UhrDonnerstag10\u201320 Uhr www.lentos.at \u203a Buchheim Museum Buchheim StiftungAm Hirschgarten 182347 Bernried Dienstag \u2013 Sonntag&amp; Feiertage:10\u201318 Uhr www.buchheimmuseum.de Kunsthalle Rotterdam MuseumparkWestzeedijk 3413015 [&hellip;]<\/p>\n","protected":false},"author":1,"featured_media":0,"parent":0,"menu_order":0,"comment_status":"closed","ping_status":"closed","template":"","meta":{"site-sidebar-layout":"no-sidebar","site-content-layout":"page-builder","ast-site-content-layout":"full-width-container","site-content-style":"default","site-sidebar-style":"default","ast-global-header-display":"","ast-banner-title-visibility":"","ast-main-header-display":"","ast-hfb-above-header-display":"","ast-hfb-below-header-display":"","ast-hfb-mobile-header-display":"","site-post-title":"disabled","ast-breadcrumbs-content":"","ast-featured-img":"disabled","footer-sml-layout":"","ast-disable-related-posts":"","theme-transparent-header-meta":"default","adv-header-id-meta":"","stick-header-meta":"","header-above-stick-meta":"","header-main-stick-meta":"","header-below-stick-meta":"","astra-migrate-meta-layouts":"set","ast-page-background-enabled":"default","ast-page-background-meta":{"desktop":{"background-color":"var(--ast-global-color-4)","background-image":"","background-repeat":"repeat","background-position":"center center","background-size":"auto","background-attachment":"scroll","background-type":"","background-media":"","overlay-type":"","overlay-color":"","overlay-opacity":"","overlay-gradient":""},"tablet":{"background-color":"","background-image":"","background-repeat":"repeat","background-position":"center center","background-size":"auto","background-attachment":"scroll","background-type":"","background-media":"","overlay-type":"","overlay-color":"","overlay-opacity":"","overlay-gradient":""},"mobile":{"background-color":"","background-image":"","background-repeat":"repeat","background-position":"center center","background-size":"auto","background-attachment":"scroll","background-type":"","background-media":"","overlay-type":"","overlay-color":"","overlay-opacity":"","overlay-gradient":""}},"ast-content-background-meta":{"desktop":{"background-color":"var(--ast-global-color-5)","background-image":"","background-repeat":"repeat","background-position":"center center","background-size":"auto","background-attachment":"scroll","background-type":"","background-media":"","overlay-type":"","overlay-color":"","overlay-opacity":"","overlay-gradient":""},"tablet":{"background-color":"var(--ast-global-color-5)","background-image":"","background-repeat":"repeat","background-position":"center center","background-size":"auto","background-attachment":"scroll","background-type":"","background-media":"","overlay-type":"","overlay-color":"","overlay-opacity":"","overlay-gradient":""},"mobile":{"background-color":"var(--ast-global-color-5)","background-image":"","background-repeat":"repeat","background-position":"center center","background-size":"auto","background-attachment":"scroll","background-type":"","background-media":"","overlay-type":"","overlay-color":"","overlay-opacity":"","overlay-gradient":""}},"footnotes":""},"class_list":["post-14682","page","type-page","status-publish","hentry"],"_links":{"self":[{"href":"https:\/\/www.pechstein.de\/it\/wp-json\/wp\/v2\/pages\/14682","targetHints":{"allow":["GET"]}}],"collection":[{"href":"https:\/\/www.pechstein.de\/it\/wp-json\/wp\/v2\/pages"}],"about":[{"href":"https:\/\/www.pechstein.de\/it\/wp-json\/wp\/v2\/types\/page"}],"author":[{"embeddable":true,"href":"https:\/\/www.pechstein.de\/it\/wp-json\/wp\/v2\/users\/1"}],"replies":[{"embeddable":true,"href":"https:\/\/www.pechstein.de\/it\/wp-json\/wp\/v2\/comments?post=14682"}],"version-history":[{"count":148,"href":"https:\/\/www.pechstein.de\/it\/wp-json\/wp\/v2\/pages\/14682\/revisions"}],"predecessor-version":[{"id":15638,"href":"https:\/\/www.pechstein.de\/it\/wp-json\/wp\/v2\/pages\/14682\/revisions\/15638"}],"wp:attachment":[{"href":"https:\/\/www.pechstein.de\/it\/wp-json\/wp\/v2\/media?parent=14682"}],"curies":[{"name":"wp","href":"https:\/\/api.w.org\/{rel}","templated":true}]}}