{"id":14682,"date":"2025-01-18T18:13:23","date_gmt":"2025-01-18T17:13:23","guid":{"rendered":"https:\/\/www.pechstein.de\/?page_id=14682"},"modified":"2026-08-26T08:33:41","modified_gmt":"2026-08-26T06:33:41","slug":"aktuelles","status":"publish","type":"page","link":"https:\/\/www.pechstein.de\/fr\/aktuelles\/","title":{"rendered":"ACTUALIT\u00c9S"},"content":{"rendered":"<div data-elementor-type=\"wp-page\" data-elementor-id=\"14682\" class=\"elementor elementor-14682\" data-elementor-post-type=\"page\">\n\t\t\t\t<div class=\"elementor-element elementor-element-74c2af4 e-con-full e-flex e-con e-parent\" data-id=\"74c2af4\" data-element_type=\"container\" data-e-type=\"container\" data-settings=\"{&quot;background_background&quot;:&quot;classic&quot;}\">\n\t\t<div class=\"elementor-element elementor-element-030f05f e-flex e-con-boxed e-con e-child\" data-id=\"030f05f\" data-element_type=\"container\" data-e-type=\"container\" data-settings=\"{&quot;background_background&quot;:&quot;classic&quot;}\">\n\t\t\t\t\t<div class=\"e-con-inner\">\n\t\t\t\t<div class=\"elementor-element elementor-element-5db1525 elementor-widget elementor-widget-text-editor\" data-id=\"5db1525\" data-element_type=\"widget\" data-e-type=\"widget\" data-widget_type=\"text-editor.default\">\n\t\t\t\t<div class=\"elementor-widget-container\">\n\t\t\t\t\t\t\t\t\t<h2>Pechstein \u00e0 Palau<br \/><br \/><\/h2><h5>ZwischenRAUM des Collections d'art de Zwickau<br \/>ab 25.01.25, Galerie am Domhof<\/h5>\t\t\t\t\t\t\t\t<\/div>\n\t\t\t\t<\/div>\n\t\t\t\t\t<\/div>\n\t\t\t\t<\/div>\n\t\t<div class=\"elementor-element elementor-element-7c75603 e-flex e-con-boxed e-con e-child\" data-id=\"7c75603\" data-element_type=\"container\" data-e-type=\"container\" data-settings=\"{&quot;background_background&quot;:&quot;classic&quot;}\">\n\t\t\t\t\t<div class=\"e-con-inner\">\n\t\t\t\t<div class=\"elementor-element elementor-element-a842d9f elementor-widget elementor-widget-image\" data-id=\"a842d9f\" data-element_type=\"widget\" data-e-type=\"widget\" data-widget_type=\"image.default\">\n\t\t\t\t<div class=\"elementor-widget-container\">\n\t\t\t\t\t\t\t\t\t\t\t\t\t\t\t<img decoding=\"async\" src=\"https:\/\/www.pechstein.de\/wp-content\/uploads\/elementor\/thumbs\/Header_Palau-scaled-r0e8avxuzkrat0yu9cichatyd0dle3j3z72j5ck3g6.jpg\" title=\"Header_Palau\" alt=\"Header_Palau\" loading=\"lazy\" \/>\t\t\t\t\t\t\t\t\t\t\t\t\t\t\t<\/div>\n\t\t\t\t<\/div>\n\t\t\t\t\t<\/div>\n\t\t\t\t<\/div>\n\t\t\t\t<\/div>\n\t\t<div class=\"elementor-element elementor-element-582a9c5 e-flex e-con-boxed e-con e-parent\" data-id=\"582a9c5\" data-element_type=\"container\" data-e-type=\"container\">\n\t\t\t\t\t<div class=\"e-con-inner\">\n\t\t<div class=\"elementor-element elementor-element-9fffa37 e-con-full e-flex e-con e-child\" data-id=\"9fffa37\" data-element_type=\"container\" data-e-type=\"container\">\n\t\t\t\t<\/div>\n\t\t<div class=\"elementor-element elementor-element-df8e841 e-con-full e-flex e-con e-child\" data-id=\"df8e841\" data-element_type=\"container\" data-e-type=\"container\">\n\t\t\t\t<\/div>\n\t\t\t\t\t<\/div>\n\t\t\t\t<\/div>\n\t\t<div class=\"elementor-element elementor-element-bdad6f8 e-flex e-con-boxed e-con e-parent\" data-id=\"bdad6f8\" data-element_type=\"container\" data-e-type=\"container\">\n\t\t\t\t\t<div class=\"e-con-inner\">\n\t\t<div class=\"elementor-element elementor-element-22366dd e-con-full e-flex e-con e-child\" data-id=\"22366dd\" data-element_type=\"container\" data-e-type=\"container\">\n\t\t\t\t<div class=\"elementor-element elementor-element-29a21c6 elementor-widget elementor-widget-image\" data-id=\"29a21c6\" data-element_type=\"widget\" data-e-type=\"widget\" data-widget_type=\"image.default\">\n\t\t\t\t<div class=\"elementor-widget-container\">\n\t\t\t\t\t\t\t\t\t\t\t\t\t\t\t<img decoding=\"async\" width=\"203\" height=\"39\" src=\"https:\/\/www.pechstein.de\/wp-content\/uploads\/2025\/01\/01_Aktuelles.svg\" class=\"attachment-large size-large wp-image-14607\" alt=\"\" \/>\t\t\t\t\t\t\t\t\t\t\t\t\t\t\t<\/div>\n\t\t\t\t<\/div>\n\t\t\t\t<div class=\"elementor-element elementor-element-3e850e3 elementor-widget elementor-widget-text-editor\" data-id=\"3e850e3\" data-element_type=\"widget\" data-e-type=\"widget\" data-widget_type=\"text-editor.default\">\n\t\t\t\t<div class=\"elementor-widget-container\">\n\t\t\t\t\t\t\t\t\t<p><strong>Palazzo Zabarella<\/strong><br \/><br class=\"clear\" \/><strong>Via degli Zabarella 14<br \/>35121 Padova, Italien<\/strong><br \/><br class=\"clear\" \/><\/p><p><strong>Dienstag \u2013 Sonntag<br \/>10\u201319 Uhr<\/strong><br \/><br class=\"clear\" \/><a class=\"gelblink\" href=\"https:\/\/www.zabarella.it\" target=\"_blank\" rel=\"noopener\">www.zabarella.it \u203a<\/a><br \/><br class=\"clear\" \/><\/p>\t\t\t\t\t\t\t\t<\/div>\n\t\t\t\t<\/div>\n\t\t\t\t<div class=\"elementor-element elementor-element-482ac7a elementor-widget-divider--view-line elementor-widget elementor-widget-divider\" data-id=\"482ac7a\" data-element_type=\"widget\" data-e-type=\"widget\" data-widget_type=\"divider.default\">\n\t\t\t\t<div class=\"elementor-widget-container\">\n\t\t\t\t\t\t\t<div class=\"elementor-divider\">\n\t\t\t<span class=\"elementor-divider-separator\">\n\t\t\t\t\t\t<\/span>\n\t\t<\/div>\n\t\t\t\t\t\t<\/div>\n\t\t\t\t<\/div>\n\t\t\t\t<div class=\"elementor-element elementor-element-1a0fe01 elementor-widget elementor-widget-text-editor\" data-id=\"1a0fe01\" data-element_type=\"widget\" data-e-type=\"widget\" data-widget_type=\"text-editor.default\">\n\t\t\t\t<div class=\"elementor-widget-container\">\n\t\t\t\t\t\t\t\t\t<p><strong>Lentos Kunstmuseum Linz<\/strong><br \/><br class=\"clear\" \/><strong>Ernst-Koref-Promenade 1<br \/>4020 Linz<\/strong><br \/><br class=\"clear\" \/><\/p><p><strong>Dienstag \u2013 Sonntag<br \/>10\u201318 Uhr<br \/>Donnerstag<br \/>10\u201320 Uhr<\/strong><br \/><br class=\"clear\" \/><a class=\"gelblink\" href=\"https:\/\/www.lentos.at\" target=\"_blank\" rel=\"noopener\">www.lentos.at \u203a<\/a><br \/><br class=\"clear\" \/><\/p>\t\t\t\t\t\t\t\t<\/div>\n\t\t\t\t<\/div>\n\t\t\t\t<div class=\"elementor-element elementor-element-1a0fe02 elementor-widget-divider--view-line elementor-widget elementor-widget-divider\" data-id=\"1a0fe02\" data-element_type=\"widget\" data-e-type=\"widget\" data-widget_type=\"divider.default\">\n\t\t\t\t<div class=\"elementor-widget-container\">\n\t\t\t\t\t\t\t<div class=\"elementor-divider\">\n\t\t\t<span class=\"elementor-divider-separator\">\n\t\t\t\t\t\t<\/span>\n\t\t<\/div>\n\t\t\t\t\t\t<\/div>\n\t\t\t\t<\/div>\n\t\t\t\t<div class=\"elementor-element elementor-element-8a418b1 elementor-widget elementor-widget-text-editor\" data-id=\"8a418b1\" data-element_type=\"widget\" data-e-type=\"widget\" data-widget_type=\"text-editor.default\">\n\t\t\t\t<div class=\"elementor-widget-container\">\n\t\t\t\t\t\t\t\t\t<p><strong>Buchheim Museum<\/strong><br \/><br class=\"clear\" \/><strong>Buchheim Stiftung<br \/>Am Hirschgarten 1<br \/>82347 Bernried<\/strong><br \/><br class=\"clear\" \/><\/p><p><strong>Dienstag \u2013 Sonntag<br \/>&amp; Feiertage:<br \/>10\u201318 Uhr<\/strong><br \/><br class=\"clear\" \/><a class=\"gelblink\" href=\"https:\/\/www.buchheimmuseum.de\/aktuell\/2025\/pechstein\" target=\"_blank\" rel=\"noopener\">www.buchheimmuseum.de<\/a><br \/><br class=\"clear\" \/><br class=\"clear\" \/><\/p>\t\t\t\t\t\t\t\t<\/div>\n\t\t\t\t<\/div>\n\t\t\t\t<div class=\"elementor-element elementor-element-e3e42df elementor-widget-divider--view-line elementor-widget elementor-widget-divider\" data-id=\"e3e42df\" data-element_type=\"widget\" data-e-type=\"widget\" data-widget_type=\"divider.default\">\n\t\t\t\t<div class=\"elementor-widget-container\">\n\t\t\t\t\t\t\t<div class=\"elementor-divider\">\n\t\t\t<span class=\"elementor-divider-separator\">\n\t\t\t\t\t\t<\/span>\n\t\t<\/div>\n\t\t\t\t\t\t<\/div>\n\t\t\t\t<\/div>\n\t\t\t\t<div class=\"elementor-element elementor-element-a09da62 elementor-widget elementor-widget-text-editor\" data-id=\"a09da62\" data-element_type=\"widget\" data-e-type=\"widget\" data-widget_type=\"text-editor.default\">\n\t\t\t\t<div class=\"elementor-widget-container\">\n\t\t\t\t\t\t\t\t\t<p><strong>Kunsthalle Rotterdam<\/strong><br \/><br class=\"clear\" \/><strong>Museumpark<\/strong><br \/><strong>Westzeedijk 341<\/strong><br \/><strong>3015 AA Rotterdam<\/strong><br \/><br class=\"clear\" \/><\/p><p><strong>Tuesday to sunday<\/strong><br \/><strong>10 am \u2014 5 pm<\/strong><br \/><br class=\"clear\" \/><a class=\"gelblink\" href=\"https:\/\/www.kunsthal.nl\/en\/plan-your-visit\/exhibitions\/max-pechstein\/\" target=\"_blank\" rel=\"noopener\">www.kunsthal.nl<\/a><br \/><br class=\"clear\" \/><\/p>\t\t\t\t\t\t\t\t<\/div>\n\t\t\t\t<\/div>\n\t\t\t\t<div class=\"elementor-element elementor-element-f53c16f elementor-widget-divider--view-line elementor-widget elementor-widget-divider\" data-id=\"f53c16f\" data-element_type=\"widget\" data-e-type=\"widget\" data-widget_type=\"divider.default\">\n\t\t\t\t<div class=\"elementor-widget-container\">\n\t\t\t\t\t\t\t<div class=\"elementor-divider\">\n\t\t\t<span class=\"elementor-divider-separator\">\n\t\t\t\t\t\t<\/span>\n\t\t<\/div>\n\t\t\t\t\t\t<\/div>\n\t\t\t\t<\/div>\n\t\t\t\t<div class=\"elementor-element elementor-element-e57e8ef elementor-widget elementor-widget-text-editor\" data-id=\"e57e8ef\" data-element_type=\"widget\" data-e-type=\"widget\" data-widget_type=\"text-editor.default\">\n\t\t\t\t<div class=\"elementor-widget-container\">\n\t\t\t\t\t\t\t\t\t<p><strong>ZwischenRAUM des Collections d'art de Zwickau<\/strong><\/p><p>\u00a0<\/p><p><strong>Galerie am Domhof<\/strong><br \/><strong>Domhof 2, 08056 Zwickau<\/strong><\/p><p>\u00a0<\/p><p><strong>Mo. \u2013 Do. <\/strong><br \/><strong>11.00 \u2013 18.00 Uhr<\/strong><\/p><p>\u00a0<\/p><p><a class=\"gelblink\" href=\"https:\/\/www.kunstsammlungen-zwickau.de\" target=\"_blank\" rel=\"noopener\">www.kunstsammlungen-zwickau.de \u203a<\/a><\/p>\t\t\t\t\t\t\t\t<\/div>\n\t\t\t\t<\/div>\n\t\t\t\t<\/div>\n\t\t<div class=\"elementor-element elementor-element-7d1dcbd e-con-full e-flex e-con e-child\" data-id=\"7d1dcbd\" data-element_type=\"container\" data-e-type=\"container\">\n\t\t\t\t<div class=\"elementor-element elementor-element-7491c0c elementor-widget elementor-widget-heading\" data-id=\"7491c0c\" data-element_type=\"widget\" data-e-type=\"widget\" data-widget_type=\"heading.default\">\n\t\t\t\t<div class=\"elementor-widget-container\">\n\t\t\t\t\t<h2 class=\"elementor-heading-title elementor-size-default\">Max Pechstein. Espressionismo dell\u2019anima \u2013 Palazzo Zabarella, Padua<\/h2>\t\t\t\t<\/div>\n\t\t\t\t<\/div>\n\t\t\t\t<div class=\"elementor-element elementor-element-fc8b8ce elementor-widget elementor-widget-text-editor\" data-id=\"fc8b8ce\" data-element_type=\"widget\" data-e-type=\"widget\" data-widget_type=\"text-editor.default\">\n\t\t\t\t<div class=\"elementor-widget-container\">\n\t\t\t\t\t\t\t\t\t<p class=\"p3\">Der Palazzo Zabarella in Padua zeigt vom 24.10.2026 \u2013 14.03.2027 die Ausstellung \u201eMax Pechstein. Espressionismo dell\u2019anima\u201c (Expressionismus der Seele). Nach Rotterdam, Bernried und Linz ist der historische Palazzo die n\u00e4chste Station der internationalen Pechstein-Tournee \u2013 und die erste in Italien, dem Land, das Pechstein auf mehreren Reisen gepr\u00e4gt hat.<\/p><p class=\"p3\">Die gro\u00dfe monografische Schau umfasst \u00fcber 120 Werke aus mehr als f\u00fcnf Jahrzehnten \u2013 Gem\u00e4lde, Zeichnungen, Aquarelle, Fotografien, Skizzen und pers\u00f6nliche Objekte \u2013 und erz\u00e4hlt Leben und Schaffensprozess des K\u00fcnstlers von den Br\u00fccke-Jahren bis zum Sp\u00e4twerk.<\/p><p><a class=\"gelblink\" href=\"https:\/\/www.zabarella.it\/mostre\/max-pechstein-espressionismo-anima-padova\" target=\"_blank\" rel=\"noopener\">mehr erfahren \u203a<\/a><\/p>\t\t\t\t\t\t\t\t<\/div>\n\t\t\t\t<\/div>\n\t\t\t\t<div class=\"elementor-element elementor-element-a5e8c7c elementor-widget-divider--view-line elementor-widget elementor-widget-divider\" data-id=\"a5e8c7c\" data-element_type=\"widget\" data-e-type=\"widget\" data-widget_type=\"divider.default\">\n\t\t\t\t<div class=\"elementor-widget-container\">\n\t\t\t\t\t\t\t<div class=\"elementor-divider\">\n\t\t\t<span class=\"elementor-divider-separator\">\n\t\t\t\t\t\t<\/span>\n\t\t<\/div>\n\t\t\t\t\t\t<\/div>\n\t\t\t\t<\/div>\n\t\t\t\t<div class=\"elementor-element elementor-element-1b0fe01 elementor-widget elementor-widget-heading\" data-id=\"1b0fe01\" data-element_type=\"widget\" data-e-type=\"widget\" data-widget_type=\"heading.default\">\n\t\t\t\t<div class=\"elementor-widget-container\">\n\t\t\t\t\t<h2 class=\"elementor-heading-title elementor-size-default\">Max Pechstein. Abenteuer Expressionismus \u2013 Lentos Kunstmuseum Linz<\/h2>\t\t\t\t<\/div>\n\t\t\t\t<\/div>\n\t\t\t\t<div class=\"elementor-element elementor-element-1b0fe02 elementor-widget elementor-widget-text-editor\" data-id=\"1b0fe02\" data-element_type=\"widget\" data-e-type=\"widget\" data-widget_type=\"text-editor.default\">\n\t\t\t\t<div class=\"elementor-widget-container\">\n\t\t\t\t\t\t\t\t\t<p class=\"p3\">Das Lentos Kunstmuseum Linz zeigt vom 23.04. \u2013 30.08.2026 die Ausstellung \u201eMax Pechstein. Abenteuer Expressionismus\u201c. Von zahlreichen Zeitgenossen als f\u00fchrendes Mitglied der K\u00fcnstlergruppe \u00bbBr\u00fccke\u00ab gew\u00fcrdigt, nahm Max Pechstein in den ersten Jahrzehnten des 20.\u00a0Jahrhunderts eine zentrale Stellung innerhalb der deutschen Avantgarde ein.<\/p><p class=\"p3\">Die Retrospektive vereint \u00fcber 100 Werke \u2013 darunter zahlreiche Ostsee- und S\u00fcdseelandschaften, die erstmals in \u00d6sterreich zu sehen sind \u2013 und spannt den Bogen \u00fcber die wichtigsten Schaffensphasen des K\u00fcnstlers. Ein besonderer Fokus liegt auf Pechsteins Beziehung zu Wolfgang Gurlitt, dem Gr\u00fcnder der Vorg\u00e4ngerinstitution des Lentos.<\/p><p><a class=\"gelblink\" href=\"https:\/\/www.lentos.at\/ausstellungen\/max-pechstein\" target=\"_blank\" rel=\"noopener\">mehr erfahren \u203a<\/a><\/p>\t\t\t\t\t\t\t\t<\/div>\n\t\t\t\t<\/div>\n\t\t\t\t<div class=\"elementor-element elementor-element-1b0fe03 elementor-widget-divider--view-line elementor-widget elementor-widget-divider\" data-id=\"1b0fe03\" data-element_type=\"widget\" data-e-type=\"widget\" data-widget_type=\"divider.default\">\n\t\t\t\t<div class=\"elementor-widget-container\">\n\t\t\t\t\t\t\t<div class=\"elementor-divider\">\n\t\t\t<span class=\"elementor-divider-separator\">\n\t\t\t\t\t\t<\/span>\n\t\t<\/div>\n\t\t\t\t\t\t<\/div>\n\t\t\t\t<\/div>\n\t\t\t\t<div class=\"elementor-element elementor-element-b67096c elementor-widget elementor-widget-heading\" data-id=\"b67096c\" data-element_type=\"widget\" data-e-type=\"widget\" data-widget_type=\"heading.default\">\n\t\t\t\t<div class=\"elementor-widget-container\">\n\t\t\t\t\t<h2 class=\"elementor-heading-title elementor-size-default\">MAX PECHSTEIN \u2013 VISION UND WERK\nBUCHHEIM MUSEUM<\/h2>\t\t\t\t<\/div>\n\t\t\t\t<\/div>\n\t\t\t\t<div class=\"elementor-element elementor-element-48f6a46 elementor-widget elementor-widget-text-editor\" data-id=\"48f6a46\" data-element_type=\"widget\" data-e-type=\"widget\" data-widget_type=\"text-editor.default\">\n\t\t\t\t<div class=\"elementor-widget-container\">\n\t\t\t\t\t\t\t\t\t<p class=\"p3\">Das BUCHHEIM MUSEUM zeigt vom 19.07. \u2013 26.10.2025 Die Ausstellung &#8222;MAX PECHSTEIN \u2013 VISION UND WERK&#8220;. \u200bMax Pechstein pr\u00e4gte den Expressionismus mit seinen farbgewaltigen Gem\u00e4lden und kraftvollen Druckgrafiken, die bis heute als Ikonen der Bewegung gelten. Eine umfassende Retrospektive im Rahmen einer internationalen Welttournee widmet sich nun seiner k\u00fcnstlerischen Vision. Nach der Er\u00f6ffnung in der Kunsthal Rotterdam ist das Buchheim Museum die zweite Station der Ausstellung.<\/p><p class=\"p3\">\u00a0<\/p><p class=\"p3\">Das breite Spektrum von Pechsteins Schaffen entfaltet sich in verschiedenen Gattungen: Im Mittelpunkt stehen Gem\u00e4lde, Zeichnungen, Aquarelle und Druckgrafiken, erg\u00e4nzt durch Entwurfsskizzen, Briefe und Fotografien, die spannende Einblicke in seinen kreativen Prozess gew\u00e4hren. Der zeitliche Bogen spannt sich vom Fr\u00fchwerk \u00fcber seine pr\u00e4genden Jahre in der K\u00fcnstlergruppe \u00bbBr\u00fccke\u00ab und den Hauptwerken der 1910er- und fr\u00fchen 1930er-Jahre bis hin zu seinem Sp\u00e4twerk.<\/p><p class=\"p3\">\u00a0<\/p><p class=\"p3\">Pechsteins Vision, die den Einklang zwischen Mensch und Natur anstrebt, spiegelt sich in seinen Reisen an Sehnsuchtsorte von der S\u00fcdsee bis zur Ostsee wider. Seine Werke halten diese Eindr\u00fccke fest und bilden einen Gegenpol zu den gesellschaftlichen Umbr\u00fcchen und humanit\u00e4ren Krisen einer Zeit voller Kriege. Angesichts aktueller \u00f6kologischer und politischer Herausforderungen bleibt seine Botschaft von Harmonie und Naturverbundenheit hochaktuell.<\/p><p><a class=\"gelblink\" href=\"https:\/\/www.buchheimmuseum.de\/aktuell\/2025\/pechstein\" target=\"_blank\" rel=\"noopener\">en savoir plus &gt;<\/a><\/p>\t\t\t\t\t\t\t\t<\/div>\n\t\t\t\t<\/div>\n\t\t\t\t<div class=\"elementor-element elementor-element-2f8f30a elementor-widget-divider--view-line elementor-widget elementor-widget-divider\" data-id=\"2f8f30a\" data-element_type=\"widget\" data-e-type=\"widget\" data-widget_type=\"divider.default\">\n\t\t\t\t<div class=\"elementor-widget-container\">\n\t\t\t\t\t\t\t<div class=\"elementor-divider\">\n\t\t\t<span class=\"elementor-divider-separator\">\n\t\t\t\t\t\t<\/span>\n\t\t<\/div>\n\t\t\t\t\t\t<\/div>\n\t\t\t\t<\/div>\n\t\t\t\t<div class=\"elementor-element elementor-element-a29f9b2 elementor-widget elementor-widget-heading\" data-id=\"a29f9b2\" data-element_type=\"widget\" data-e-type=\"widget\" data-widget_type=\"heading.default\">\n\t\t\t\t<div class=\"elementor-widget-container\">\n\t\t\t\t\t<h2 class=\"elementor-heading-title elementor-size-default\">Max Pechstein: Expression der Harmonie In der Kunsthal Rotterdam<\/h2>\t\t\t\t<\/div>\n\t\t\t\t<\/div>\n\t\t\t\t<div class=\"elementor-element elementor-element-58bd487 elementor-widget elementor-widget-text-editor\" data-id=\"58bd487\" data-element_type=\"widget\" data-e-type=\"widget\" data-widget_type=\"text-editor.default\">\n\t\t\t\t<div class=\"elementor-widget-container\">\n\t\t\t\t\t\t\t\t\t<p class=\"p1\">Die Kunsthal Rotterdam pr\u00e4sentiert vom 28. M\u00e4rz bis 15. Juni 2025 die Ausstellung \u201cMax Pechstein: Expression der Harmonie\u201d. Diese umfassende Retrospektive zeigt \u00fcber 50 Gem\u00e4lde sowie Grafiken, Holzschnitte, Zeichnungen, Fotografien und pers\u00f6nliche Gegenst\u00e4nde des deutschen Expressionisten Max Pechstein (1881\u20131955).<\/p><p class=\"p1\">Als Mitglied der K\u00fcnstlergruppe \u201cDie Br\u00fccke\u201d pr\u00e4gte Pechstein mit dynamischen und farbenfrohen Kompositionen die Entwicklung des Expressionismus ma\u00dfgeblich. Seine Werke, inspiriert von Reisen nach Nidden, Leba und auf die Palau-Inseln, spiegeln sein Streben nach einer harmonischen Beziehung zwischen Mensch und Natur wieder.<\/p><p class=\"p1\">Die Ausstellung bietet zudem Einblicke in Pechsteins pers\u00f6nliches Leben und seine k\u00fcnstlerische Entwicklung in einer Zeit radikaler Ver\u00e4nderungen in Europa. Diese Ausstellung wird in enger Zusammenarbeit mit dem Institut f\u00fcr Kulturaustausch in T\u00fcbingen und den Kunstsammlungen Zwickau realisiert.<span class=\"Apple-converted-space\">\u00a0<\/span><\/p><p><a class=\"gelblink\" href=\"https:\/\/www.kunsthal.nl\/en\/plan-your-visit\/exhibitions\/max-pechstein\/\" target=\"_blank\" rel=\"noopener\">mehr erfahren \u203a<\/a><\/p>\t\t\t\t\t\t\t\t<\/div>\n\t\t\t\t<\/div>\n\t\t\t\t<div class=\"elementor-element elementor-element-92253bf elementor-widget-divider--view-line elementor-widget elementor-widget-divider\" data-id=\"92253bf\" data-element_type=\"widget\" data-e-type=\"widget\" data-widget_type=\"divider.default\">\n\t\t\t\t<div class=\"elementor-widget-container\">\n\t\t\t\t\t\t\t<div class=\"elementor-divider\">\n\t\t\t<span class=\"elementor-divider-separator\">\n\t\t\t\t\t\t<\/span>\n\t\t<\/div>\n\t\t\t\t\t\t<\/div>\n\t\t\t\t<\/div>\n\t\t\t\t<div class=\"elementor-element elementor-element-519e7d9 elementor-widget elementor-widget-heading\" data-id=\"519e7d9\" data-element_type=\"widget\" data-e-type=\"widget\" data-widget_type=\"heading.default\">\n\t\t\t\t<div class=\"elementor-widget-container\">\n\t\t\t\t\t<h2 class=\"elementor-heading-title elementor-size-default\">Max-Pechstein-Museum im ZwischenRAUM<\/h2>\t\t\t\t<\/div>\n\t\t\t\t<\/div>\n\t\t\t\t<div class=\"elementor-element elementor-element-1fd015f elementor-widget elementor-widget-text-editor\" data-id=\"1fd015f\" data-element_type=\"widget\" data-e-type=\"widget\" data-widget_type=\"text-editor.default\">\n\t\t\t\t<div class=\"elementor-widget-container\">\n\t\t\t\t\t\t\t\t\t<p class=\"p1\"><b>Kunstsammlungen Chemnitz und Zwickau \u2013 ein Blick in die Sammlungen<\/b><\/p><p class=\"p1\"><b>17. Mai \u2013 14. September 2025<\/b><\/p><p>\u00a0<\/p><p class=\"p3\">Zwei St\u00e4dte, eine Ausstellung: Chemnitz und Zwickau pr\u00e4sentieren gemeinsam besondere Werke aus ihren Kunstsammlungen \u2013 bekannt und neu zu entdecken. Unter dem Titel\u00a0<i>Br\u00fcckenschlag<\/i>\u00a0treffen \u00fcberraschende Objektpaare aufeinander, die neue Perspektiven er\u00f6ffnen und verborgene Verbindungen sichtbar machen.<\/p><p>\u00a0<\/p><p class=\"p3\">Die Ausstellung im\u00a0<i>FreiRAUM<\/i>\u00a0zeigt 25 Werke aus beiden H\u00e4usern \u2013 digital und im Original \u2013 und l\u00e4dt zum Dialog ein: zwischen Kunstwerken, St\u00e4dten und Besucher*innen.<\/p><p>\u00a0<\/p><p class=\"p3\">Ein Beitrag zur Kulturhauptstadt Europas Chemnitz 2025 \u2013 und zur Initiative\u00a0<i>C the Unseen<\/i>.<\/p><p class=\"p3\"><br \/>W\u00e4hrend der umfangreichen Renovierung der KUNSTSAMMLUNGEN ZWICKAU Max-Pechstein-Museum von Mitte 2024 bis Ende 2028 wird die Sammlung in einem spannenden Ausweichquartier in der Galerie am Domhof im historischen Zentrum Zwickaus pr\u00e4sentiert. Diese Sonderausstellung bietet den Besuchern eine interaktive und attraktive M\u00f6glichkeit, auch w\u00e4hrend der Schlie\u00dfung des Museums bedeutende Werke zu erleben.<\/p><p>\u00a0<\/p><p class=\"p3\">Besonders im Rahmen der \u201eKulturhauptstadt Europas Chemnitz 2025\u201c wird ein \u201eBest Of\u201c der Kunstsammlungen gezeigt, das sich auf Werke konzentriert, die w\u00e4hrend Max Pechsteins Reise nach Palau entstanden sind.<br \/><br class=\"clear\" \/><strong>MAX.RAUM<\/strong><br \/>Ein Highlight der Ausstellung ist der MAX.RAUM, der dem ber\u00fchmten Zwickauer Expressionisten Max Pechstein gewidmet ist. Hier k\u00f6nnen Besucher sein Leben und Werk auf eine besondere Art und Weise mit allen Sinnen entdecken. Zahlreiche Audio- und Videoinstallationen bieten tiefe Einblicke in seine Zeit in Palau und schaffen ein lebendiges, interaktives Kunsterlebnis, das sowohl Kunstliebhaber als auch Neulinge begeistert.<\/p><p><a class=\"gelblink\" href=\"https:\/\/www.kunstsammlungen-zwickau.de\" target=\"_blank\" rel=\"noopener\">mehr erfahren \u203a<\/a><\/p>\t\t\t\t\t\t\t\t<\/div>\n\t\t\t\t<\/div>\n\t\t\t\t<\/div>\n\t\t\t\t\t<\/div>\n\t\t\t\t<\/div>\n\t\t<div class=\"elementor-element elementor-element-02f5430 e-flex e-con-boxed e-con e-parent\" data-id=\"02f5430\" data-element_type=\"container\" data-e-type=\"container\">\n\t\t\t\t\t<div class=\"e-con-inner\">\n\t\t\t\t\t<\/div>\n\t\t\t\t<\/div>\n\t\t\t\t<\/div>","protected":false},"excerpt":{"rendered":"<p>Pechstein in Palau ZwischenRAUM der Kunstsammlungen Zwickauab 25.01.25, Galerie am Domhof Palazzo Zabarella Via degli Zabarella 1435121 Padova, Italien Dienstag \u2013 Sonntag10\u201319 Uhr www.zabarella.it \u203a Lentos Kunstmuseum Linz Ernst-Koref-Promenade 14020 Linz Dienstag \u2013 Sonntag10\u201318 UhrDonnerstag10\u201320 Uhr www.lentos.at \u203a Buchheim Museum Buchheim StiftungAm Hirschgarten 182347 Bernried Dienstag \u2013 Sonntag&amp; Feiertage:10\u201318 Uhr www.buchheimmuseum.de Kunsthalle Rotterdam MuseumparkWestzeedijk 3413015 [&hellip;]<\/p>\n","protected":false},"author":1,"featured_media":0,"parent":0,"menu_order":0,"comment_status":"closed","ping_status":"closed","template":"","meta":{"site-sidebar-layout":"no-sidebar","site-content-layout":"page-builder","ast-site-content-layout":"full-width-container","site-content-style":"default","site-sidebar-style":"default","ast-global-header-display":"","ast-banner-title-visibility":"","ast-main-header-display":"","ast-hfb-above-header-display":"","ast-hfb-below-header-display":"","ast-hfb-mobile-header-display":"","site-post-title":"disabled","ast-breadcrumbs-content":"","ast-featured-img":"disabled","footer-sml-layout":"","ast-disable-related-posts":"","theme-transparent-header-meta":"default","adv-header-id-meta":"","stick-header-meta":"","header-above-stick-meta":"","header-main-stick-meta":"","header-below-stick-meta":"","astra-migrate-meta-layouts":"set","ast-page-background-enabled":"default","ast-page-background-meta":{"desktop":{"background-color":"var(--ast-global-color-4)","background-image":"","background-repeat":"repeat","background-position":"center center","background-size":"auto","background-attachment":"scroll","background-type":"","background-media":"","overlay-type":"","overlay-color":"","overlay-opacity":"","overlay-gradient":""},"tablet":{"background-color":"","background-image":"","background-repeat":"repeat","background-position":"center center","background-size":"auto","background-attachment":"scroll","background-type":"","background-media":"","overlay-type":"","overlay-color":"","overlay-opacity":"","overlay-gradient":""},"mobile":{"background-color":"","background-image":"","background-repeat":"repeat","background-position":"center center","background-size":"auto","background-attachment":"scroll","background-type":"","background-media":"","overlay-type":"","overlay-color":"","overlay-opacity":"","overlay-gradient":""}},"ast-content-background-meta":{"desktop":{"background-color":"var(--ast-global-color-5)","background-image":"","background-repeat":"repeat","background-position":"center center","background-size":"auto","background-attachment":"scroll","background-type":"","background-media":"","overlay-type":"","overlay-color":"","overlay-opacity":"","overlay-gradient":""},"tablet":{"background-color":"var(--ast-global-color-5)","background-image":"","background-repeat":"repeat","background-position":"center center","background-size":"auto","background-attachment":"scroll","background-type":"","background-media":"","overlay-type":"","overlay-color":"","overlay-opacity":"","overlay-gradient":""},"mobile":{"background-color":"var(--ast-global-color-5)","background-image":"","background-repeat":"repeat","background-position":"center center","background-size":"auto","background-attachment":"scroll","background-type":"","background-media":"","overlay-type":"","overlay-color":"","overlay-opacity":"","overlay-gradient":""}},"footnotes":""},"class_list":["post-14682","page","type-page","status-publish","hentry"],"_links":{"self":[{"href":"https:\/\/www.pechstein.de\/fr\/wp-json\/wp\/v2\/pages\/14682","targetHints":{"allow":["GET"]}}],"collection":[{"href":"https:\/\/www.pechstein.de\/fr\/wp-json\/wp\/v2\/pages"}],"about":[{"href":"https:\/\/www.pechstein.de\/fr\/wp-json\/wp\/v2\/types\/page"}],"author":[{"embeddable":true,"href":"https:\/\/www.pechstein.de\/fr\/wp-json\/wp\/v2\/users\/1"}],"replies":[{"embeddable":true,"href":"https:\/\/www.pechstein.de\/fr\/wp-json\/wp\/v2\/comments?post=14682"}],"version-history":[{"count":148,"href":"https:\/\/www.pechstein.de\/fr\/wp-json\/wp\/v2\/pages\/14682\/revisions"}],"predecessor-version":[{"id":15638,"href":"https:\/\/www.pechstein.de\/fr\/wp-json\/wp\/v2\/pages\/14682\/revisions\/15638"}],"wp:attachment":[{"href":"https:\/\/www.pechstein.de\/fr\/wp-json\/wp\/v2\/media?parent=14682"}],"curies":[{"name":"wp","href":"https:\/\/api.w.org\/{rel}","templated":true}]}}