{"id":14643,"date":"2025-01-18T18:03:55","date_gmt":"2025-01-18T17:03:55","guid":{"rendered":"https:\/\/www.pechstein.de\/?page_id=14643"},"modified":"2025-01-21T10:18:15","modified_gmt":"2025-01-21T09:18:15","slug":"chronologie","status":"publish","type":"page","link":"https:\/\/www.pechstein.de\/fr\/biographie\/chronologie\/","title":{"rendered":"Chronologie"},"content":{"rendered":"<div data-elementor-type=\"wp-page\" data-elementor-id=\"14643\" class=\"elementor elementor-14643\" data-elementor-post-type=\"page\">\n\t\t\t\t<div class=\"elementor-element elementor-element-74c2af4 e-con-full e-flex e-con e-parent\" data-id=\"74c2af4\" data-element_type=\"container\" data-e-type=\"container\" data-settings=\"{&quot;background_background&quot;:&quot;classic&quot;}\">\n\t\t<div class=\"elementor-element elementor-element-030f05f e-flex e-con-boxed e-con e-child\" data-id=\"030f05f\" data-element_type=\"container\" data-e-type=\"container\" data-settings=\"{&quot;background_background&quot;:&quot;classic&quot;}\">\n\t\t\t\t\t<div class=\"e-con-inner\">\n\t\t\t\t<div class=\"elementor-element elementor-element-f66835c elementor-widget elementor-widget-image\" data-id=\"f66835c\" data-element_type=\"widget\" data-e-type=\"widget\" data-widget_type=\"image.default\">\n\t\t\t\t<div class=\"elementor-widget-container\">\n\t\t\t\t\t\t\t\t\t\t\t\t\t\t\t<img decoding=\"async\" src=\"https:\/\/www.pechstein.de\/wp-content\/uploads\/elementor\/thumbs\/1917_99_Biografie-r0e8avxuzkspyibk3j7ht2ezbmi3kth2gwt47qvj22.jpg\" title=\"1917_99_Biographie\" alt=\"1917_99_Biographie\" loading=\"lazy\" \/>\t\t\t\t\t\t\t\t\t\t\t\t\t\t\t<\/div>\n\t\t\t\t<\/div>\n\t\t\t\t\t<\/div>\n\t\t\t\t<\/div>\n\t\t\t\t<\/div>\n\t\t<div class=\"elementor-element elementor-element-582a9c5 e-flex e-con-boxed e-con e-parent\" data-id=\"582a9c5\" data-element_type=\"container\" data-e-type=\"container\">\n\t\t\t\t\t<div class=\"e-con-inner\">\n\t\t<div class=\"elementor-element elementor-element-9fffa37 e-con-full e-flex e-con e-child\" data-id=\"9fffa37\" data-element_type=\"container\" data-e-type=\"container\">\n\t\t\t\t<\/div>\n\t\t<div class=\"elementor-element elementor-element-df8e841 e-con-full e-flex e-con e-child\" data-id=\"df8e841\" data-element_type=\"container\" data-e-type=\"container\">\n\t\t\t\t<\/div>\n\t\t\t\t\t<\/div>\n\t\t\t\t<\/div>\n\t\t<div class=\"elementor-element elementor-element-bdad6f8 e-flex e-con-boxed e-con e-parent\" data-id=\"bdad6f8\" data-element_type=\"container\" data-e-type=\"container\">\n\t\t\t\t\t<div class=\"e-con-inner\">\n\t\t<div class=\"elementor-element elementor-element-5ccddee e-con-full e-flex e-con e-child\" data-id=\"5ccddee\" data-element_type=\"container\" data-e-type=\"container\">\n\t\t\t\t<div class=\"elementor-element elementor-element-c2ef4c7 elementor-widget elementor-widget-image\" data-id=\"c2ef4c7\" data-element_type=\"widget\" data-e-type=\"widget\" data-widget_type=\"image.default\">\n\t\t\t\t<div class=\"elementor-widget-container\">\n\t\t\t\t\t\t\t\t\t\t\t\t\t\t\t\t<a href=\"https:\/\/www.pechstein.de\/fr\/biographie\/\">\n\t\t\t\t\t\t\t<img decoding=\"async\" width=\"177\" height=\"33\" src=\"https:\/\/www.pechstein.de\/wp-content\/uploads\/2025\/01\/03_Biographie-1.svg\" class=\"attachment-large size-large wp-image-15006\" alt=\"\" \/>\t\t\t\t\t\t\t\t<\/a>\n\t\t\t\t\t\t\t\t\t\t\t\t\t\t\t<\/div>\n\t\t\t\t<\/div>\n\t\t\t\t<div class=\"elementor-element elementor-element-20c5461 elementor-nav-menu__align-start elementor-nav-menu--dropdown-tablet elementor-nav-menu__text-align-aside elementor-widget elementor-widget-nav-menu\" data-id=\"20c5461\" data-element_type=\"widget\" data-e-type=\"widget\" data-settings=\"{&quot;layout&quot;:&quot;vertical&quot;,&quot;submenu_icon&quot;:{&quot;value&quot;:&quot;&lt;svg aria-hidden=\\&quot;true\\&quot; class=\\&quot;e-font-icon-svg e-fas-plus\\&quot; viewBox=\\&quot;0 0 448 512\\&quot; xmlns=\\&quot;http:\\\/\\\/www.w3.org\\\/2000\\\/svg\\&quot;&gt;&lt;path d=\\&quot;M416 208H272V64c0-17.67-14.33-32-32-32h-32c-17.67 0-32 14.33-32 32v144H32c-17.67 0-32 14.33-32 32v32c0 17.67 14.33 32 32 32h144v144c0 17.67 14.33 32 32 32h32c17.67 0 32-14.33 32-32V304h144c17.67 0 32-14.33 32-32v-32c0-17.67-14.33-32-32-32z\\&quot;&gt;&lt;\\\/path&gt;&lt;\\\/svg&gt;&quot;,&quot;library&quot;:&quot;fa-solid&quot;}}\" data-widget_type=\"nav-menu.default\">\n\t\t\t\t<div class=\"elementor-widget-container\">\n\t\t\t\t\t\t\t\t<nav aria-label=\"Menu\" class=\"elementor-nav-menu--main elementor-nav-menu__container elementor-nav-menu--layout-vertical e--pointer-background e--animation-fade\">\n\t\t\t\t<ul id=\"menu-1-20c5461\" class=\"elementor-nav-menu sm-vertical\"><li class=\"menu-item menu-item-type-post_type menu-item-object-page menu-item-14696\"><a href=\"https:\/\/www.pechstein.de\/fr\/biographie\/zeitstrahl\/\" class=\"elementor-item menu-link\">Chronologie<\/a><\/li>\n<li class=\"menu-item menu-item-type-post_type menu-item-object-page menu-item-14695\"><a href=\"https:\/\/www.pechstein.de\/fr\/biographie\/chronologie\/\" class=\"elementor-item menu-link\">Chronologie<\/a><\/li>\n<\/ul>\t\t\t<\/nav>\n\t\t\t\t\t\t<nav class=\"elementor-nav-menu--dropdown elementor-nav-menu__container\" aria-hidden=\"true\">\n\t\t\t\t<ul id=\"menu-2-20c5461\" class=\"elementor-nav-menu sm-vertical\"><li class=\"menu-item menu-item-type-post_type menu-item-object-page menu-item-14696\"><a href=\"https:\/\/www.pechstein.de\/fr\/biographie\/zeitstrahl\/\" class=\"elementor-item menu-link\" tabindex=\"-1\">Chronologie<\/a><\/li>\n<li class=\"menu-item menu-item-type-post_type menu-item-object-page menu-item-14695\"><a href=\"https:\/\/www.pechstein.de\/fr\/biographie\/chronologie\/\" class=\"elementor-item menu-link\" tabindex=\"-1\">Chronologie<\/a><\/li>\n<\/ul>\t\t\t<\/nav>\n\t\t\t\t\t\t<\/div>\n\t\t\t\t<\/div>\n\t\t\t\t<\/div>\n\t\t<div class=\"elementor-element elementor-element-0f4fceb e-con-full e-flex e-con e-child\" data-id=\"0f4fceb\" data-element_type=\"container\" data-e-type=\"container\">\n\t\t\t\t<div class=\"elementor-element elementor-element-df909d1 elementor-widget elementor-widget-heading\" data-id=\"df909d1\" data-element_type=\"widget\" data-e-type=\"widget\" data-widget_type=\"heading.default\">\n\t\t\t\t<div class=\"elementor-widget-container\">\n\t\t\t\t\t<h2 class=\"elementor-heading-title elementor-size-default\">Chronologie<\/h2>\t\t\t\t<\/div>\n\t\t\t\t<\/div>\n\t\t\t\t<div class=\"elementor-element elementor-element-474225e elementor-widget elementor-widget-text-editor\" data-id=\"474225e\" data-element_type=\"widget\" data-e-type=\"widget\" data-widget_type=\"text-editor.default\">\n\t\t\t\t<div class=\"elementor-widget-container\">\n\t\t\t\t\t\t\t\t\t<p>1881<br \/>Hermann Max Pechstein na\u00eet le 31 d\u00e9cembre \u00e0 Zwickau, fils d'un ma\u00eetre appretteur. La famille de huit personnes vit du salaire du p\u00e8re qui travaille dans une usine textile.<\/p><p>\u00a0<\/p><p>1888 \u2013 1896<br \/>Fr\u00e9quentation de l'\u00e9cole civique de Zwickau.<\/p><p>\u00a0<\/p><p>1896 \u2013 1900<br \/>Max Pechstein apprend le m\u00e9tier de peintre en d\u00e9cors.<\/p><p>\u00a0<\/p><p>1900 -1903<br \/>Apr\u00e8s avoir r\u00e9ussi son examen de compagnon, il commence des \u00e9tudes \u00e0 l'\u00e9cole des arts d\u00e9coratifs de Dresde aupr\u00e8s de Wilhelm Kreis (professeur d'art d'int\u00e9rieur).<\/p><p>\u00a0<\/p><p>1903 \u2013 1906<br \/>Il entreprend des \u00e9tudes \u00e0 l'Acad\u00e9mie des beaux-arts de Dresde, o\u00f9 il devient l'\u00e9l\u00e8ve boursier d'Otto Gu\u00dfmann. Gu\u00dfmann y est professeur de peinture d\u00e9corative et monumentale et rev\u00eat en outre une grande importance pour l'essor des arts appliqu\u00e9s \u00e0 Dresde. Pechstein re\u00e7oit son propre atelier, o\u00f9 il con\u00e7oit des vitraux, des mosa\u00efques et des peintures murales. En 1905, il visite \u00e0 Dresde une exposition consacr\u00e9e \u00e0 l'\u0153uvre de van Gogh. Au mus\u00e9e d'ethnographie, il d\u00e9couvre des sculptures sur bois des mers du Sud. Sa premi\u00e8re gravure sur bois voit le jour<\/p><p><br \/>1906<br \/>Pechstein quitte l'acad\u00e9mie avec la plus haute distinction, le Prix saxon de l'\u00c9tat, \u00e9galement connu sous le nom de prix de Rome. \u00c0 sa rencontre avec Erich Heckel et Ernst Ludwig Kirchner succ\u00e8de son adh\u00e9sion au groupe d'artistes Die Br\u00fccke, fond\u00e9 un an auparavant, dont les membres organisent de nombreuses expositions communes jusqu'en 1910. Ses premi\u00e8res lithographies et eaux-fortes voient le jour.<\/p><p>\u00a0<\/p><p>1907<br \/>Commande de vitraux pour l'h\u00f4tel de ville d'Eibenstock dans les Monts M\u00e9tallif\u00e8res. En \u00e9t\u00e9, il peint avec Kirchner \u00e0 Goppeln pr\u00e8s de Dresde. En automne, il passe trois mois en tant que laur\u00e9at d'un prix d'\u00c9tat en Italie, o\u00f9 il visite notamment Florence, Ravenne et Rome. Il participe \u00e0 la premi\u00e8re exposition d'arts graphiques de l'Association des artistes allemands. \u00c0 partir de d\u00e9cembre, il s\u00e9journe neuf mois \u00e0 Paris. Il y voit les \u0153uvres de Paul C\u00e9zanne, Paul Gauguin et Henri Matisse, qui s'av\u00e8rent importantes pour son \u00e9volution ult\u00e9rieure, et entre \u00e9galement en contact avec les fauves (par exemple, il recrute Kees van Dongen comme membre de Die Br\u00fccke).<\/p><p>\u00a0<\/p><p>1908<br \/>Participation \u00e0 l'exposition des Ind\u00e9pendants. \u00c0 l'automne, installation \u00e0 Berlin o\u00f9 il est repr\u00e9sent\u00e9 \u00e0 l'exposition de la S\u00e9cession berlinoise avec quatre lithographies et une gouache.<\/p><p>\u00a0<\/p><p>1909<br \/>Nouvelle exposition \u00e0 la S\u00e9cession berlinoise o\u00f9 Max Pechstein pr\u00e9sente les tableaux \u201c Tissu vert, Femmes au tissu jaune et Neige de mars \u00bb. Son premier s\u00e9jour dans le village de p\u00eacheurs de Nidden, en Prusse-Orientale d'alors, s'\u00e9tend de juin \u00e0 septembre.<\/p><p>\u00a0<\/p><p>1910<br \/>Les \u0153uvres de Pechstein soumises \u00e0 la S\u00e9cession berlinoise sont refus\u00e9es sous la pression de Max Liebermann, ce qui l'am\u00e8ne \u00e0 fonder la Nouvelle S\u00e9cession avec d'autres artistes rejet\u00e9s par la S\u00e9cession berlinoise. En juin, il s\u00e9journe avec Erich Heckel et Karl Schmidt-Rottluff \u00e0 Dangast, sur le Jadebusen. Il passe l'\u00e9t\u00e9 aux \u00e9tangs de Moritzburg avec Erich Heckel et Ernst Ludwig Kirchner. Les tableaux Dans l'eau et Au bord du lac sont cr\u00e9\u00e9s. Il r\u00e9alise les s\u00e9ries lithographiques Danse et Carnaval.<\/p><p>\u00a0<\/p><p>1911<br \/>Mariage avec Charlotte Kaprolat. De mars \u00e0 avril, il entreprend un deuxi\u00e8me voyage en Italie. De juin \u00e0 septembre a lieu son deuxi\u00e8me s\u00e9jour \u00e0 Nida. Cr\u00e9ation de la s\u00e9rie de gravures sur bois \u201c Baigneuses \u00bb. La fondation d'un institut pour l'enseignement moderne de la peinture (MUIM), en collaboration avec Kirchner, reste sans succ\u00e8s \u00e9conomique.<\/p><p>\u00a0<\/p><p>1912<br \/>Peintures murales dans la villa Perls construite par Mies van der Rohe. Il participe \u00e0 l'exposition d'arts graphiques du Cavalier bleu (Der Blaue Reiter) \u00e0 Munich ainsi qu'\u00e0 l'exposition Sturm d'Herwarth Walden \u00e0 Berlin. La m\u00eame ann\u00e9e, il quitte le groupe Die Br\u00fccke, car il trouve la d\u00e9cision de n'exposer que collectivement trop restrictive. En \u00e9t\u00e9, il s\u00e9journe pour la troisi\u00e8me fois \u00e0 Nida (Nidden). Il participe \u00e0 l'exposition du Sonderbund \u00e0 Cologne.<\/p><p>\u00a0<\/p><p>1913<br \/>Troisi\u00e8me voyage en Italie dans le village de p\u00eacheurs de Monterosso al Mare pr\u00e8s de La Spezia. Il se rend \u00e0 Gand (pour le compte de Walter Gropius) et \u00e0 Paris. Naissance de son premier fils Frank.<\/p><p>\u00a0<\/p><p>1914<br \/>Pechstein se rend avec sa femme dans les mers du Sud, dans les \u00eeles Palau (ancienne colonie allemande situ\u00e9e \u00e0 l'est des Philippines). Il consigne la vie sur l'\u00eele par \u00e9crit et dans de nombreux dessins, aquarelles et sculptures (la plupart de ces \u0153uvres sont aujourd'hui perdues). Pechstein et sa femme sont surpris par le d\u00e9clenchement de la guerre et sont faits prisonniers par les Japonais \u00e0 Nagasaki.<\/p><p>\u00a0<\/p><p>1915<br \/>Pechstein est lib\u00e9r\u00e9 contre un serment de neutralit\u00e9 et rentre en Allemagne par des chemins d\u00e9tourn\u00e9s, notamment via New York ; en dernier lieu, il travaille comme charbonnier sur un paquebot. \u00c0 Berlin, il trouve son appartement occup\u00e9 et son atelier vid\u00e9.<\/p><p>\u00a0<\/p><p>1915\/1916<br \/>Service militaire sur le front de l'Ouest (Somme\/Flandre).<\/p><p>\u00a0<\/p><p>1917<br \/>Les peintures des Palaos (paysages des Palaos, \u201c L'Idole \u00bb, \u00ab L'Oiseleur qui s'en va \u00bb) et les cycles graphiques (\u00ab T\u00eates exotiques \u00bb, \u00ab T\u00eates \u00bb, \u00ab Ode samblandaise \u00bb et \u00ab P\u00eacheurs italiens \u00bb) voient le jour. Il con\u00e7oit des vitraux et des mosaiques pour les salles d'exposition de la galerie d'art Fritz Gurlitt.<\/p><p>\u00a0<\/p><p>1918<br \/>Pechstein est cofondateur du Novembergruppe et de l'association socialiste Arbeitsrat f\u00fcr Kunst \u00e0 Berlin. C'est avec sa participation que para\u00eet l'appel \u00c0 tous les artistes.<\/p><p>\u00a0<\/p><p>1919<br \/>Quatri\u00e8me s\u00e9jour \u00e0 Nida. Plusieurs tableaux de maisons de p\u00eacheurs locales y voient le jour, de m\u00eame que *Divertissement* et *Hamac I*. Il lithographie les 50 images de voyage *Italie-Mer du Sud* et sculpte des figures en bois influenc\u00e9es par l'art plastique primitif.<\/p><p>\u00a0<\/p><p>1920<br \/>Cinqui\u00e8me s\u00e9jour \u00e0 Nidden. La s\u00e9rie de peintures La Vie de p\u00eacheur voit le jour.<\/p><p>\u00a0<\/p><p>1921<br \/>Il cr\u00e9e les s\u00e9ries de gravures sur bois T\u00eates de p\u00eacheurs et Notre P\u00e8re.<\/p><p>\u00a0<\/p><p>1921 1945<br \/>S\u00e9jours d'\u00e9t\u00e9 \u00e0 \u0141eba (1927-1932 \u00e0 Rowe).<\/p><p>\u00a0<\/p><p>1922<br \/>Voyage \u00e0 Montreux chez son m\u00e9c\u00e8ne le Dr Minnich. Il devient membre de l'Acad\u00e9mie prussienne des arts de Berlin et re\u00e7oit un titre de professeur honoraire.<\/p><p>\u00a0<\/p><p>1923<br \/>S\u00e9paration d'avec sa premi\u00e8re \u00e9pouse et mariage avec Marta M\u00f6ller. Eaux-fortes pour *Yali und sein wei\u00dfes Weib* de Willy Seidel. Rupture avec Wolfgang Gurlitt, marquant la fin d'une s\u00e9curit\u00e9 financi\u00e8re essentielle.<\/p><p>\u00a0<\/p><p>1924 1925<br \/>S\u00e9jours \u00e0 Monterosso al Mare, \u00e0 Bornholm et en Suisse.<\/p><p>\u00a0<\/p><p>1926<br \/>Naissance de son deuxi\u00e8me fils, Max. Il reprend le th\u00e8me de la m\u00e8re et de l'enfant. \u00c0 la demande du gouvernement allemand, il cr\u00e9e des vitraux pour le Bureau international du travail \u00e0 Gen\u00e8ve.<\/p><p>\u00a0<\/p><p>1927<br \/>Prix du Garden Club du Carnegie Institute \u00e0 Pittsburgh\/USA pour le tableau Calla.<\/p><p>\u00a0<\/p><p>1928<br \/>Il re\u00e7oit le prix d'\u00c9tat prussien pour le tableau Temp\u00eate du Nord-Ouest expos\u00e9 \u00e0 la S\u00e9cession de Berlin et est \u00e9lu \u00e0 la commission d'exposition de l'Acad\u00e9mie des arts.<\/p><p>\u00a0<\/p><p>1930<br \/>Dipl\u00f4mes d'honneur de Milan et de Bordeaux, m\u00e9daille d'honneur de Vienne.<\/p><p>\u00a0<\/p><p>1931<br \/>Voyage dans le sud de la France. Prix national du gouvernement allemand.<\/p><p>\u00a0<\/p><p>1933<br \/>Le r\u00e9gime national-socialiste tente d'\u00e9vincer Pechstein en tant qu'artiste d\u00e9g\u00e9n\u00e9r\u00e9 de la commission d'exposition de l'Acad\u00e9mie des arts.<\/p><p>\u00a0<\/p><p>1934<br \/>Recherches sur sa participation au Novembergruppe. Plus de succ\u00e8s de vente en Allemagne.<\/p><p>\u00a0<\/p><p>1937<br \/>Exclusion de l'Acad\u00e9mie des arts, ainsi que saisie de 326 \u0153uvres dans des mus\u00e9es allemands. L'exposition \u201c Art d\u00e9g\u00e9n\u00e9r\u00e9 \u00bb pr\u00e9sente 6 de ses peintures, 4 aquarelles et 6 \u0153uvres graphiques.<\/p><p>\u00a0<\/p><p>1939<br \/>Sixi\u00e8me et dernier s\u00e9jour estival \u00e0 Nida.<\/p><p>1943<br \/>Service dans le Volkssturm jusqu'\u00e0 sa lib\u00e9ration de service.<\/p><p>\u00a0<\/p><p>1944<br \/>\u00c0 la suite d'un bombardement, la collection d'\u0153uvres graphiques de Wolfgang Gurlitt, qui renferme de nombreuses \u0153uvres de Pechstein, est d\u00e9truite par le feu.<\/p><p>\u00a0<\/p><p>1945<br \/>Service de travail obligatoire en Pom\u00e9ranie avec sa femme. Il vit la fin de la guerre \u00e0 \u0141eba. Il est bri\u00e8vement fait prisonnier par les Russes. Son appartement berlinois, son atelier ainsi que la majeure partie de ses \u0153uvres sont d\u00e9truits par un incendie. Il retourne \u00e0 Berlin, o\u00f9 il est nomm\u00e9 professeur \u00e0 l'\u00c9cole sup\u00e9rieure des beaux-arts de Berlin.<\/p><p>\u00a0<\/p><p>1946\/1947<br \/>Il r\u00e9dige ses m\u00e9moires, qui ne paraissent cependant qu'en 1960. Citoyen d'honneur de sa ville natale de Zwickau, qui fonde en outre un prix de peinture Max Pechstein.<\/p><p>\u00a0<\/p><p>1949<br \/>S\u00e9jour d'\u00e9t\u00e9 \u00e0 \u00dcckeritz\/Usedom. Nouveau contact avec Schmidt-Rottluff.<\/p><p>\u00a0<\/p><p>1951<br \/>Pechstein est nomm\u00e9 s\u00e9nateur d'honneur de l'\u00c9cole des beaux-arts de Berlin \u00e0 l'occasion de son 70e anniversaire.<\/p><p>\u00a0<\/p><p>1952<br \/>Grande Croix du M\u00e9rite de la R\u00e9publique f\u00e9d\u00e9rale d'Allemagne. S\u00e9jour d'\u00e9t\u00e9 \u00e0 Strande, sur la baie de Kiel.<\/p><p>\u00a0<\/p><p>1953<br \/>S\u00e9jour estival sur Amrum.<\/p><p>\u00a0<\/p><p>1954<br \/>Prix d'art du S\u00e9nat de la ville de Berlin.<\/p><p>\u00a0<\/p><p>1955<br \/>Max Pechstein meurt le 29 juin \u00e0 Berlin.<\/p>\t\t\t\t\t\t\t\t<\/div>\n\t\t\t\t<\/div>\n\t\t\t\t<\/div>\n\t\t\t\t\t<\/div>\n\t\t\t\t<\/div>\n\t\t<div class=\"elementor-element elementor-element-b1b7d6f e-flex e-con-boxed e-con e-parent\" data-id=\"b1b7d6f\" data-element_type=\"container\" data-e-type=\"container\">\n\t\t\t\t\t<div class=\"e-con-inner\">\n\t\t\t\t\t<\/div>\n\t\t\t\t<\/div>\n\t\t\t\t<\/div>","protected":false},"excerpt":{"rendered":"<p>Chronologie 1881Hermann Max Pechstein wird am 31. Dezember in Zwickau als Sohn eines Appreturmeisters geboren. Die achtk\u00f6pfige Familie lebt vom Lohn des in einer Textilfabrik t\u00e4tigen Vaters. \u00a0 1888 \u2013 1896Besuch der B\u00fcrgerschule in Zwickau. \u00a0 1896 \u2013 1900Max Pechstein lernt das Handwerk des Dekorationsmalers. \u00a0 1900 -1903Nach Abschlu\u00df der Gesellenpr\u00fcfung beginnt er ein Studium [&hellip;]<\/p>\n","protected":false},"author":1,"featured_media":0,"parent":15031,"menu_order":0,"comment_status":"closed","ping_status":"closed","template":"","meta":{"site-sidebar-layout":"no-sidebar","site-content-layout":"page-builder","ast-site-content-layout":"full-width-container","site-content-style":"default","site-sidebar-style":"default","ast-global-header-display":"","ast-banner-title-visibility":"","ast-main-header-display":"","ast-hfb-above-header-display":"","ast-hfb-below-header-display":"","ast-hfb-mobile-header-display":"","site-post-title":"disabled","ast-breadcrumbs-content":"","ast-featured-img":"disabled","footer-sml-layout":"","ast-disable-related-posts":"","theme-transparent-header-meta":"default","adv-header-id-meta":"","stick-header-meta":"","header-above-stick-meta":"","header-main-stick-meta":"","header-below-stick-meta":"","astra-migrate-meta-layouts":"set","ast-page-background-enabled":"default","ast-page-background-meta":{"desktop":{"background-color":"var(--ast-global-color-4)","background-image":"","background-repeat":"repeat","background-position":"center center","background-size":"auto","background-attachment":"scroll","background-type":"","background-media":"","overlay-type":"","overlay-color":"","overlay-opacity":"","overlay-gradient":""},"tablet":{"background-color":"","background-image":"","background-repeat":"repeat","background-position":"center center","background-size":"auto","background-attachment":"scroll","background-type":"","background-media":"","overlay-type":"","overlay-color":"","overlay-opacity":"","overlay-gradient":""},"mobile":{"background-color":"","background-image":"","background-repeat":"repeat","background-position":"center center","background-size":"auto","background-attachment":"scroll","background-type":"","background-media":"","overlay-type":"","overlay-color":"","overlay-opacity":"","overlay-gradient":""}},"ast-content-background-meta":{"desktop":{"background-color":"var(--ast-global-color-5)","background-image":"","background-repeat":"repeat","background-position":"center center","background-size":"auto","background-attachment":"scroll","background-type":"","background-media":"","overlay-type":"","overlay-color":"","overlay-opacity":"","overlay-gradient":""},"tablet":{"background-color":"var(--ast-global-color-5)","background-image":"","background-repeat":"repeat","background-position":"center center","background-size":"auto","background-attachment":"scroll","background-type":"","background-media":"","overlay-type":"","overlay-color":"","overlay-opacity":"","overlay-gradient":""},"mobile":{"background-color":"var(--ast-global-color-5)","background-image":"","background-repeat":"repeat","background-position":"center center","background-size":"auto","background-attachment":"scroll","background-type":"","background-media":"","overlay-type":"","overlay-color":"","overlay-opacity":"","overlay-gradient":""}},"footnotes":""},"class_list":["post-14643","page","type-page","status-publish","hentry"],"_links":{"self":[{"href":"https:\/\/www.pechstein.de\/fr\/wp-json\/wp\/v2\/pages\/14643","targetHints":{"allow":["GET"]}}],"collection":[{"href":"https:\/\/www.pechstein.de\/fr\/wp-json\/wp\/v2\/pages"}],"about":[{"href":"https:\/\/www.pechstein.de\/fr\/wp-json\/wp\/v2\/types\/page"}],"author":[{"embeddable":true,"href":"https:\/\/www.pechstein.de\/fr\/wp-json\/wp\/v2\/users\/1"}],"replies":[{"embeddable":true,"href":"https:\/\/www.pechstein.de\/fr\/wp-json\/wp\/v2\/comments?post=14643"}],"version-history":[{"count":22,"href":"https:\/\/www.pechstein.de\/fr\/wp-json\/wp\/v2\/pages\/14643\/revisions"}],"predecessor-version":[{"id":15216,"href":"https:\/\/www.pechstein.de\/fr\/wp-json\/wp\/v2\/pages\/14643\/revisions\/15216"}],"up":[{"embeddable":true,"href":"https:\/\/www.pechstein.de\/fr\/wp-json\/wp\/v2\/pages\/15031"}],"wp:attachment":[{"href":"https:\/\/www.pechstein.de\/fr\/wp-json\/wp\/v2\/media?parent=14643"}],"curies":[{"name":"wp","href":"https:\/\/api.w.org\/{rel}","templated":true}]}}